{"id":456,"date":"2019-03-13T17:07:04","date_gmt":"2019-03-13T17:07:04","guid":{"rendered":"http:\/\/kyrgyzstan-sj.org\/?page_id=456"},"modified":"2019-05-30T20:26:11","modified_gmt":"2019-05-30T20:26:11","slug":"aktualnosci","status":"publish","type":"page","link":"https:\/\/kyrgyzstan-sj.org\/?page_id=456&lang=pl","title":{"rendered":"Aktualno\u015bci"},"content":{"rendered":"<div class=\"pt-cv-wrapper\"><div class=\"pt-cv-view pt-cv-grid pt-cv-colsys\" id=\"pt-cv-view-b37ee5aarg\"><div data-id=\"pt-cv-page-1\" class=\"pt-cv-page\" data-cvc=\"2\"><div class=\"col-md-6 col-sm-6 col-xs-12 pt-cv-content-item pt-cv-2-col\" ><div class='pt-cv-ifield'><a href=\"https:\/\/kyrgyzstan-sj.org\/?p=2488&#038;lang=pl\" class=\"_self pt-cv-href-thumbnail pt-cv-thumb-left\" target=\"_self\" ><img loading=\"lazy\" decoding=\"async\" width=\"150\" height=\"150\" src=\"https:\/\/kyrgyzstan-sj.org\/wp-content\/uploads\/2024\/07\/9-150x150.jpg\" class=\"pt-cv-thumbnail pull-left\" alt=\"\" \/><\/a>\n<h4 class=\"pt-cv-title\"><a href=\"https:\/\/kyrgyzstan-sj.org\/?p=2488&#038;lang=pl\" class=\"_self\" target=\"_self\" >Pami\u0119ci \u017co\u0142nierzy Armii gen. Andersa<\/a><\/h4>\n<div class=\"pt-cv-content\">W dniu 13 czerwca Attache Obrony pp\u0142k Aleksander Suchenek\u00a0zorganizowa\u0142 spotkanie przy cmentarzu i pomniku poleg\u0142ych \u017co\u0142nierzy Armii genera\u0142a Andersa. Wraz ...<br \/><div class=\"pt-cv-rmwrap\"><a href=\"https:\/\/kyrgyzstan-sj.org\/?p=2488&#038;lang=pl\" class=\"_self pt-cv-readmore btn btn-success\" target=\"_self\">Czytaj wi\u0119cej...<\/a><\/div><\/div><\/div><\/div>\n<div class=\"col-md-6 col-sm-6 col-xs-12 pt-cv-content-item pt-cv-2-col\" ><div class='pt-cv-ifield'><a href=\"https:\/\/kyrgyzstan-sj.org\/?p=2447&#038;lang=pl\" class=\"_self pt-cv-href-thumbnail pt-cv-thumb-left\" target=\"_self\" ><img loading=\"lazy\" decoding=\"async\" width=\"150\" height=\"150\" src=\"https:\/\/kyrgyzstan-sj.org\/wp-content\/uploads\/2024\/05\/111-150x150.jpg\" class=\"pt-cv-thumbnail pull-left\" alt=\"\" \/><\/a>\n<h4 class=\"pt-cv-title\"><a href=\"https:\/\/kyrgyzstan-sj.org\/?p=2447&#038;lang=pl\" class=\"_self\" target=\"_self\" >II Rajd Pami\u0119ci Armii Genera\u0142a Andersa<\/a><\/h4>\n<div class=\"pt-cv-content\">Wieczorem 29 maja zawitali do naszej parafii niezwykli go\u015bcie. Mianowicie, na motocyklach w asy\u015bcie dw\u00f3ch samochod\u00f3w, przyjechali uczestnicy II Rajdu ...<br \/><div class=\"pt-cv-rmwrap\"><a href=\"https:\/\/kyrgyzstan-sj.org\/?p=2447&#038;lang=pl\" class=\"_self pt-cv-readmore btn btn-success\" target=\"_self\">Czytaj wi\u0119cej...<\/a><\/div><\/div><\/div><\/div>\n<div class=\"col-md-6 col-sm-6 col-xs-12 pt-cv-content-item pt-cv-2-col\" ><div class='pt-cv-ifield'><a href=\"https:\/\/kyrgyzstan-sj.org\/?p=2291&#038;lang=pl\" class=\"_self pt-cv-href-thumbnail pt-cv-thumb-left\" target=\"_self\" ><img loading=\"lazy\" decoding=\"async\" width=\"150\" height=\"150\" src=\"https:\/\/kyrgyzstan-sj.org\/wp-content\/uploads\/2024\/02\/qq-150x150.jpg\" class=\"pt-cv-thumbnail pull-left\" alt=\"\" \/><\/a>\n<h4 class=\"pt-cv-title\"><a href=\"https:\/\/kyrgyzstan-sj.org\/?p=2291&#038;lang=pl\" class=\"_self\" target=\"_self\" >Or\u0119dzie Ojca \u015awi\u0119tego Franciszka na Wielki Post 2024.<\/a><\/h4>\n<div class=\"pt-cv-content\">\"B\u00f3g prowadzi nas przez pustyni\u0119 ku wolno\u015bci\". Drodzy bracia i siostry! Kiedy nasz B\u00f3g si\u0119 objawia, obwieszcza wolno\u015b\u0107: \u201eJa jestem ...<br \/><div class=\"pt-cv-rmwrap\"><a href=\"https:\/\/kyrgyzstan-sj.org\/?p=2291&#038;lang=pl\" class=\"_self pt-cv-readmore btn btn-success\" target=\"_self\">Czytaj wi\u0119cej...<\/a><\/div><\/div><\/div><\/div>\n<div class=\"col-md-6 col-sm-6 col-xs-12 pt-cv-content-item pt-cv-2-col\" ><div class='pt-cv-ifield'><a href=\"https:\/\/kyrgyzstan-sj.org\/?p=2208&#038;lang=pl\" class=\"_self pt-cv-href-thumbnail pt-cv-thumb-left\" target=\"_self\" ><img loading=\"lazy\" decoding=\"async\" width=\"150\" height=\"150\" src=\"https:\/\/kyrgyzstan-sj.org\/wp-content\/uploads\/2023\/12\/pp-1-150x150.jpeg\" class=\"pt-cv-thumbnail pull-left\" alt=\"\" \/><\/a>\n<h4 class=\"pt-cv-title\"><a href=\"https:\/\/kyrgyzstan-sj.org\/?p=2208&#038;lang=pl\" class=\"_self\" target=\"_self\" >OR\u0118DZIE PAPIE\u017bA FRANCISZKA  NA 57. \u015aWIATOWY DZIE\u0143 POKOJU  1 STYCZNIA 2024 R.<\/a><\/h4>\n<div class=\"pt-cv-content\">OR\u0118DZIE JEGO \u015aWI\u0104TOBLIWO\u015aCI FRANCISZKA NA 57. \u015aWIATOWY DZIE\u0143 POKOJU 1 STYCZNIA 2024 R. Sztuczna inteligencja i pok\u00f3j Na pocz\u0105tku Nowego ...<br \/><div class=\"pt-cv-rmwrap\"><a href=\"https:\/\/kyrgyzstan-sj.org\/?p=2208&#038;lang=pl\" class=\"_self pt-cv-readmore btn btn-success\" target=\"_self\">Czytaj wi\u0119cej...<\/a><\/div><\/div><\/div><\/div>\n<div class=\"col-md-6 col-sm-6 col-xs-12 pt-cv-content-item pt-cv-2-col\" ><div class='pt-cv-ifield'><a href=\"https:\/\/kyrgyzstan-sj.org\/?p=2047&#038;lang=pl\" class=\"_self pt-cv-href-thumbnail pt-cv-thumb-left\" target=\"_self\" ><img loading=\"lazy\" decoding=\"async\" width=\"150\" height=\"150\" src=\"https:\/\/kyrgyzstan-sj.org\/wp-content\/uploads\/2023\/11\/AAA-150x150.jpg\" class=\"pt-cv-thumbnail pull-left\" alt=\"\" \/><\/a>\n<h4 class=\"pt-cv-title\"><a href=\"https:\/\/kyrgyzstan-sj.org\/?p=2047&#038;lang=pl\" class=\"_self\" target=\"_self\" >OR\u0118DZIE OJCA \u015aWI\u0118TEGO FRANCISZKA  NA VII \u015aWIATOWY DZIE\u0143 UBOGICH<\/a><\/h4>\n<div class=\"pt-cv-content\">OR\u0118DZIE OJCA \u015aWI\u0118TEGO FRANCISZKA NA VII \u015aWIATOWY DZIE\u0143 UBOGICH 19 listopada 2023 Nie odwracaj twarzy od \u017cadnego biedaka\u00a0(Tb\u00a04, 7) 1.\u00a0\u015awiatowy ...<br \/><div class=\"pt-cv-rmwrap\"><a href=\"https:\/\/kyrgyzstan-sj.org\/?p=2047&#038;lang=pl\" class=\"_self pt-cv-readmore btn btn-success\" target=\"_self\">Czytaj wi\u0119cej...<\/a><\/div><\/div><\/div><\/div>\n<div class=\"col-md-6 col-sm-6 col-xs-12 pt-cv-content-item pt-cv-2-col\" ><div class='pt-cv-ifield'><a href=\"https:\/\/kyrgyzstan-sj.org\/?p=1926&#038;lang=pl\" class=\"_self pt-cv-href-thumbnail pt-cv-thumb-left\" target=\"_self\" ><img loading=\"lazy\" decoding=\"async\" width=\"150\" height=\"150\" src=\"https:\/\/kyrgyzstan-sj.org\/wp-content\/uploads\/2023\/10\/LOGO_PL_-1-150x150.png\" class=\"pt-cv-thumbnail pull-left\" alt=\"\" \/><\/a>\n<h4 class=\"pt-cv-title\"><a href=\"https:\/\/kyrgyzstan-sj.org\/?p=1926&#038;lang=pl\" class=\"_self\" target=\"_self\" >List XVI Zwyczajnego Zgromadzenia Og\u00f3lnego Synodu Biskup\u00f3w do ludu Bo\u017cego<\/a><\/h4>\n<div class=\"pt-cv-content\">Drogie siostry, drodzy bracia, gdy prace pierwszej sesji XVI Zwyczajnego Zgromadzenia Og\u00f3lnego Synodu Biskup\u00f3w dobiegaj\u0105 ko\u0144ca, pragniemy wraz z wami ...<br \/><div class=\"pt-cv-rmwrap\"><a href=\"https:\/\/kyrgyzstan-sj.org\/?p=1926&#038;lang=pl\" class=\"_self pt-cv-readmore btn btn-success\" target=\"_self\">Czytaj wi\u0119cej...<\/a><\/div><\/div><\/div><\/div>\n<div class=\"col-md-6 col-sm-6 col-xs-12 pt-cv-content-item pt-cv-2-col\" ><div class='pt-cv-ifield'><a href=\"https:\/\/kyrgyzstan-sj.org\/?p=1182&#038;lang=pl\" class=\"_self pt-cv-href-thumbnail pt-cv-thumb-left\" target=\"_self\" ><img loading=\"lazy\" decoding=\"async\" width=\"150\" height=\"150\" src=\"https:\/\/kyrgyzstan-sj.org\/wp-content\/uploads\/2019\/05\/KaplicaJalalabad-1-2-150x150.jpg\" class=\"pt-cv-thumbnail pull-left\" alt=\"\" \/><\/a>\n<h4 class=\"pt-cv-title\"><a href=\"https:\/\/kyrgyzstan-sj.org\/?p=1182&#038;lang=pl\" class=\"_self\" target=\"_self\" >Ziarno gorczycy w D\u017calalabadzie<\/a><\/h4>\n<div class=\"pt-cv-content\">[pdf-embedder url=\"https:\/\/kyrgyzstan-sj.org\/wp-content\/uploads\/2019\/05\/psj1_compressed.pdf\"] ...<br \/><div class=\"pt-cv-rmwrap\"><a href=\"https:\/\/kyrgyzstan-sj.org\/?p=1182&#038;lang=pl\" class=\"_self pt-cv-readmore btn btn-success\" target=\"_self\">Czytaj wi\u0119cej...<\/a><\/div><\/div><\/div><\/div>\n<div class=\"col-md-6 col-sm-6 col-xs-12 pt-cv-content-item pt-cv-2-col\" ><div class='pt-cv-ifield'><a href=\"https:\/\/kyrgyzstan-sj.org\/?p=1806&#038;lang=pl\" class=\"_self pt-cv-href-thumbnail pt-cv-thumb-left\" target=\"_self\" ><img loading=\"lazy\" decoding=\"async\" width=\"150\" height=\"150\" src=\"https:\/\/kyrgyzstan-sj.org\/wp-content\/uploads\/2019\/06\/\u0411\u0435\u0437\u044b\u043c\u044f\u043d\u043d\u044b\u0439-2-150x150.png\" class=\"pt-cv-thumbnail pull-left\" alt=\"\" \/><\/a>\n<h4 class=\"pt-cv-title\"><a href=\"https:\/\/kyrgyzstan-sj.org\/?p=1806&#038;lang=pl\" class=\"_self\" target=\"_self\" >ID\u0179CIE NA CA\u0141Y \u015aWIAT I G\u0141O\u015aCIE EWANGELI\u0118&#8230;<\/a><\/h4>\n<div class=\"pt-cv-content\">[pdf-embedder url=\"https:\/\/kyrgyzstan-sj.org\/wp-content\/uploads\/2019\/06\/dzalpolski.pdf\"] ...<br \/><div class=\"pt-cv-rmwrap\"><a href=\"https:\/\/kyrgyzstan-sj.org\/?p=1806&#038;lang=pl\" class=\"_self pt-cv-readmore btn btn-success\" target=\"_self\">Czytaj wi\u0119cej...<\/a><\/div><\/div><\/div><\/div>\n<div class=\"col-md-6 col-sm-6 col-xs-12 pt-cv-content-item pt-cv-2-col\" ><div class='pt-cv-ifield'><a href=\"https:\/\/kyrgyzstan-sj.org\/?p=1155&#038;lang=pl\" class=\"_self pt-cv-href-thumbnail pt-cv-thumb-left\" target=\"_self\" ><img loading=\"lazy\" decoding=\"async\" width=\"150\" height=\"150\" src=\"https:\/\/kyrgyzstan-sj.org\/wp-content\/uploads\/2019\/05\/11111-1-150x150.png\" class=\"pt-cv-thumbnail pull-left\" alt=\"\" \/><\/a>\n<h4 class=\"pt-cv-title\"><a href=\"https:\/\/kyrgyzstan-sj.org\/?p=1155&#038;lang=pl\" class=\"_self\" target=\"_self\" >WSZYSCY PATRZYMY W NIEBO<\/a><\/h4>\n<div class=\"pt-cv-content\">[pdf-embedder url=\"https:\/\/kyrgyzstan-sj.org\/wp-content\/uploads\/2019\/05\/4247_compressed.pdf\"] ...<br \/><div class=\"pt-cv-rmwrap\"><a href=\"https:\/\/kyrgyzstan-sj.org\/?p=1155&#038;lang=pl\" class=\"_self pt-cv-readmore btn btn-success\" target=\"_self\">Czytaj wi\u0119cej...<\/a><\/div><\/div><\/div><\/div>\n<div class=\"col-md-6 col-sm-6 col-xs-12 pt-cv-content-item pt-cv-2-col\" ><div class='pt-cv-ifield'><a href=\"https:\/\/kyrgyzstan-sj.org\/?p=1168&#038;lang=pl\" class=\"_self pt-cv-href-thumbnail pt-cv-thumb-left\" target=\"_self\" ><img loading=\"lazy\" decoding=\"async\" width=\"150\" height=\"150\" src=\"https:\/\/kyrgyzstan-sj.org\/wp-content\/uploads\/2019\/05\/\u0411\u0435\u0437\u044b\u043c\u044f\u043d\u043d\u044b\u0439-1-150x150.png\" class=\"pt-cv-thumbnail pull-left\" alt=\"\" \/><\/a>\n<h4 class=\"pt-cv-title\"><a href=\"https:\/\/kyrgyzstan-sj.org\/?p=1168&#038;lang=pl\" class=\"_self\" target=\"_self\" >Drodzy Rodzice zwi\u0105zani z \u201eDuchow\u0105 Adopcj\u0105\u201d w Kirgizji<\/a><\/h4>\n<div class=\"pt-cv-content\"> ...<br \/><div class=\"pt-cv-rmwrap\"><a href=\"https:\/\/kyrgyzstan-sj.org\/?p=1168&#038;lang=pl\" class=\"_self pt-cv-readmore btn btn-success\" target=\"_self\">Czytaj wi\u0119cej...<\/a><\/div><\/div><\/div><\/div>\n<div class=\"col-md-6 col-sm-6 col-xs-12 pt-cv-content-item pt-cv-2-col\" ><div class='pt-cv-ifield'><a href=\"https:\/\/kyrgyzstan-sj.org\/?p=1851&#038;lang=pl\" class=\"_self pt-cv-href-thumbnail pt-cv-thumb-left\" target=\"_self\" ><img loading=\"lazy\" decoding=\"async\" width=\"150\" height=\"150\" src=\"https:\/\/kyrgyzstan-sj.org\/wp-content\/uploads\/2019\/06\/sssssssssssssss-150x150.jpg\" class=\"pt-cv-thumbnail pull-left\" alt=\"\" \/><\/a>\n<h4 class=\"pt-cv-title\"><a href=\"https:\/\/kyrgyzstan-sj.org\/?p=1851&#038;lang=pl\" class=\"_self\" target=\"_self\" >DZIA\u0141ALNO\u015a\u0106 SPO\u0141ECZNO-CHARYTATYWNA JEZUIT\u00d3W W KIRGISTANIE<\/a><\/h4>\n<div class=\"pt-cv-content\">DZIA\u0141ALNO\u015a\u0106 SPO\u0141ECZNO-CHARYTATYWNA JEZUIT\u00d3W W KIRGISTANIE ...<br \/><div class=\"pt-cv-rmwrap\"><a href=\"https:\/\/kyrgyzstan-sj.org\/?p=1851&#038;lang=pl\" class=\"_self pt-cv-readmore btn btn-success\" target=\"_self\">Czytaj wi\u0119cej...<\/a><\/div><\/div><\/div><\/div>\n<div class=\"col-md-6 col-sm-6 col-xs-12 pt-cv-content-item pt-cv-2-col\" ><div class='pt-cv-ifield'><a href=\"https:\/\/kyrgyzstan-sj.org\/?p=1163&#038;lang=pl\" class=\"_self pt-cv-href-thumbnail pt-cv-thumb-left\" target=\"_self\" ><img loading=\"lazy\" decoding=\"async\" width=\"150\" height=\"150\" src=\"https:\/\/kyrgyzstan-sj.org\/wp-content\/uploads\/2019\/05\/\u0411\u0435\u0437\u044b\u043c\u044f\u043d\u043d\u044b\u0439-150x150.png\" class=\"pt-cv-thumbnail pull-left\" alt=\"\" \/><\/a>\n<h4 class=\"pt-cv-title\"><a href=\"https:\/\/kyrgyzstan-sj.org\/?p=1163&#038;lang=pl\" class=\"_self\" target=\"_self\" >Dzieci z Kirgistanu<\/a><\/h4>\n<div class=\"pt-cv-content\">[pdf-embedder url=\"https:\/\/kyrgyzstan-sj.org\/wp-content\/uploads\/2019\/05\/biuletyn_nr_4_maj_2015.pdf\"] ...<br \/><div class=\"pt-cv-rmwrap\"><a href=\"https:\/\/kyrgyzstan-sj.org\/?p=1163&#038;lang=pl\" class=\"_self pt-cv-readmore btn btn-success\" target=\"_self\">Czytaj wi\u0119cej...<\/a><\/div><\/div><\/div><\/div>\n<div class=\"col-md-6 col-sm-6 col-xs-12 pt-cv-content-item pt-cv-2-col\" ><div class='pt-cv-ifield'><a href=\"https:\/\/kyrgyzstan-sj.org\/?p=1175&#038;lang=pl\" class=\"_self pt-cv-href-thumbnail pt-cv-thumb-left\" target=\"_self\" ><\/a>\n<h4 class=\"pt-cv-title\"><a href=\"https:\/\/kyrgyzstan-sj.org\/?p=1175&#038;lang=pl\" class=\"_self\" target=\"_self\" >Pierwsza parafia \u201eOd stworzenia \u015bwiata\u201d<\/a><\/h4>\n<div class=\"pt-cv-content\">Ojciec Remigiusz Kalski, gdy mia\u0142 19 lat, bra\u0142 udzia\u0142 w pielgrzymce pieszej na Jasn\u0105 G\u00f3r\u0119. Z t\u0105 pielgrzymk\u0105 wi\u0105\u017ce pierwsze ...<br \/><div class=\"pt-cv-rmwrap\"><a href=\"https:\/\/kyrgyzstan-sj.org\/?p=1175&#038;lang=pl\" class=\"_self pt-cv-readmore btn btn-success\" target=\"_self\">Czytaj wi\u0119cej...<\/a><\/div><\/div><\/div><\/div>\n<div class=\"col-md-6 col-sm-6 col-xs-12 pt-cv-content-item pt-cv-2-col\" ><div class='pt-cv-ifield'><a href=\"https:\/\/kyrgyzstan-sj.org\/?p=1792&#038;lang=pl\" class=\"_self pt-cv-href-thumbnail pt-cv-thumb-left\" target=\"_self\" ><img loading=\"lazy\" decoding=\"async\" width=\"150\" height=\"150\" src=\"https:\/\/kyrgyzstan-sj.org\/wp-content\/uploads\/2019\/06\/\u0411\u0435\u0437\u044b\u043c\u044f\u043d\u043d\u044b\u0439-150x150.png\" class=\"pt-cv-thumbnail pull-left\" alt=\"\" \/><\/a>\n<h4 class=\"pt-cv-title\"><a href=\"https:\/\/kyrgyzstan-sj.org\/?p=1792&#038;lang=pl\" class=\"_self\" target=\"_self\" >Jezuita w wi\u0119zieniu i<\/a><\/h4>\n<div class=\"pt-cv-content\">[pdf-embedder url=\"https:\/\/kyrgyzstan-sj.org\/wp-content\/uploads\/2019\/06\/26-28.pdf\"] ...<br \/><div class=\"pt-cv-rmwrap\"><a href=\"https:\/\/kyrgyzstan-sj.org\/?p=1792&#038;lang=pl\" class=\"_self pt-cv-readmore btn btn-success\" target=\"_self\">Czytaj wi\u0119cej...<\/a><\/div><\/div><\/div><\/div>\n<div class=\"col-md-6 col-sm-6 col-xs-12 pt-cv-content-item pt-cv-2-col\" ><div class='pt-cv-ifield'><a href=\"https:\/\/kyrgyzstan-sj.org\/?p=1811&#038;lang=pl\" class=\"_self pt-cv-href-thumbnail pt-cv-thumb-left\" target=\"_self\" ><img loading=\"lazy\" decoding=\"async\" width=\"150\" height=\"150\" src=\"https:\/\/kyrgyzstan-sj.org\/wp-content\/uploads\/2019\/06\/\u0411\u0435\u0437\u044b\u043c\u044f\u043d\u043d\u044b\u0439-3-150x150.png\" class=\"pt-cv-thumbnail pull-left\" alt=\"\" \/><\/a>\n<h4 class=\"pt-cv-title\"><a href=\"https:\/\/kyrgyzstan-sj.org\/?p=1811&#038;lang=pl\" class=\"_self\" target=\"_self\" >Kilka s\u0142\u00f3w o tym, co wydarzy\u0142o si\u0119 w naszej parafii w Jalalabadzie w 2012 r.<\/a><\/h4>\n<div class=\"pt-cv-content\">[pdf-embedder url=\"https:\/\/kyrgyzstan-sj.org\/wp-content\/uploads\/2019\/06\/Kilka-slow-o-roku-2012.pdf\" title=\"Kilka slow o roku 2012\"] ...<br \/><div class=\"pt-cv-rmwrap\"><a href=\"https:\/\/kyrgyzstan-sj.org\/?p=1811&#038;lang=pl\" class=\"_self pt-cv-readmore btn btn-success\" target=\"_self\">Czytaj wi\u0119cej...<\/a><\/div><\/div><\/div><\/div>\n<div class=\"col-md-6 col-sm-6 col-xs-12 pt-cv-content-item pt-cv-2-col\" ><div class='pt-cv-ifield'><a href=\"https:\/\/kyrgyzstan-sj.org\/?p=1799&#038;lang=pl\" class=\"_self pt-cv-href-thumbnail pt-cv-thumb-left\" target=\"_self\" ><img loading=\"lazy\" decoding=\"async\" width=\"150\" height=\"150\" src=\"https:\/\/kyrgyzstan-sj.org\/wp-content\/uploads\/2019\/06\/\u0411\u0435\u0437\u044b\u043c\u044f\u043d\u043d\u044b\u0439-1-150x150.png\" class=\"pt-cv-thumbnail pull-left\" alt=\"\" \/><\/a>\n<h4 class=\"pt-cv-title\"><a href=\"https:\/\/kyrgyzstan-sj.org\/?p=1799&#038;lang=pl\" class=\"_self\" target=\"_self\" >Co nowego w DJalalabadzie i w Kirgizji w 2009?<\/a><\/h4>\n<div class=\"pt-cv-content\">[pdf-embedder url=\"https:\/\/kyrgyzstan-sj.org\/wp-content\/uploads\/2019\/06\/dzal09pol.pdf\"] ...<br \/><div class=\"pt-cv-rmwrap\"><a href=\"https:\/\/kyrgyzstan-sj.org\/?p=1799&#038;lang=pl\" class=\"_self pt-cv-readmore btn btn-success\" target=\"_self\">Czytaj wi\u0119cej...<\/a><\/div><\/div><\/div><\/div>\n<div class=\"col-md-6 col-sm-6 col-xs-12 pt-cv-content-item pt-cv-2-col\" ><div class='pt-cv-ifield'><a href=\"https:\/\/kyrgyzstan-sj.org\/?p=1842&#038;lang=pl\" class=\"_self pt-cv-href-thumbnail pt-cv-thumb-left\" target=\"_self\" ><img loading=\"lazy\" decoding=\"async\" width=\"150\" height=\"150\" src=\"https:\/\/kyrgyzstan-sj.org\/wp-content\/uploads\/2019\/06\/1-2-150x150.jpg\" class=\"pt-cv-thumbnail pull-left\" alt=\"\" \/><\/a>\n<h4 class=\"pt-cv-title\"><a href=\"https:\/\/kyrgyzstan-sj.org\/?p=1842&#038;lang=pl\" class=\"_self\" target=\"_self\" >Powstaje nowa parafia katolicka w D\u017calalabadzie<\/a><\/h4>\n<div class=\"pt-cv-content\">Powstaje nowa parafia katolicka w D\u017calalabadzie 6 stycznia na wysoko\u015bci 3,5 tysi\u0105ca metr\u00f3w na p\u0142askowy\u017cu Susamyr przy temperaturze -20 stopni ...<br \/><div class=\"pt-cv-rmwrap\"><a href=\"https:\/\/kyrgyzstan-sj.org\/?p=1842&#038;lang=pl\" class=\"_self pt-cv-readmore btn btn-success\" target=\"_self\">Czytaj wi\u0119cej...<\/a><\/div><\/div><\/div><\/div><\/div><\/div><\/div>\n","protected":false},"excerpt":{"rendered":"","protected":false},"author":1,"featured_media":0,"parent":0,"menu_order":0,"comment_status":"closed","ping_status":"closed","template":"","meta":{"footnotes":""},"class_list":["post-456","page","type-page","status-publish","hentry"],"_links":{"self":[{"href":"https:\/\/kyrgyzstan-sj.org\/index.php?rest_route=\/wp\/v2\/pages\/456","targetHints":{"allow":["GET"]}}],"collection":[{"href":"https:\/\/kyrgyzstan-sj.org\/index.php?rest_route=\/wp\/v2\/pages"}],"about":[{"href":"https:\/\/kyrgyzstan-sj.org\/index.php?rest_route=\/wp\/v2\/types\/page"}],"author":[{"embeddable":true,"href":"https:\/\/kyrgyzstan-sj.org\/index.php?rest_route=\/wp\/v2\/users\/1"}],"replies":[{"embeddable":true,"href":"https:\/\/kyrgyzstan-sj.org\/index.php?rest_route=%2Fwp%2Fv2%2Fcomments&post=456"}],"version-history":[{"count":2,"href":"https:\/\/kyrgyzstan-sj.org\/index.php?rest_route=\/wp\/v2\/pages\/456\/revisions"}],"predecessor-version":[{"id":1396,"href":"https:\/\/kyrgyzstan-sj.org\/index.php?rest_route=\/wp\/v2\/pages\/456\/revisions\/1396"}],"wp:attachment":[{"href":"https:\/\/kyrgyzstan-sj.org\/index.php?rest_route=%2Fwp%2Fv2%2Fmedia&parent=456"}],"curies":[{"name":"wp","href":"https:\/\/api.w.org\/{rel}","templated":true}]}}